{"id":3558,"date":"2021-03-19T09:56:46","date_gmt":"2021-12-25T10:03:26","guid":{"rendered":"https:\/\/decoplanta.com\/non%20class\u00e9\/mur-vegetal-cheflera\/"},"modified":"2021-12-25T11:49:05","modified_gmt":"2021-12-25T10:49:05","slug":"mur-vegetal-cheflera","status":"publish","type":"product","link":"https:\/\/decoplanta.com\/fr\/mur-vegetal-artificiel\/mur-vegetal-cheflera\/","title":{"rendered":"Mur V\u00e9g\u00e9tal CHEFLERA"},"content":{"rendered":"<p>Mur V\u00e9g\u00e9tal <a href=\"https:\/\/es.wikipedia.org\/wiki\/Schefflera_arboricola\" target=\"_blank\" rel=\"noopener\">CHEFLERA<\/a> artificiel. Ce Mur V\u00e9g\u00e9tal Cheflera est d&rsquo;une esth\u00e9tique et d&rsquo;une finition spectaculaires. Il est valable pour l&rsquo;int\u00e9rieur et l&rsquo;ext\u00e9rieur, en raison de son traitement sp\u00e9cial pour r\u00e9sister aux \u00e9l\u00e9ments. Il se place tr\u00e8s facilement, car ce sont des assiettes de 50 x 50 cm. Il dispose d&rsquo;un traitement <a href=\"https:\/\/decoplanta.com\/etiqueta-producto\/plantas-artificiales-con-proteccion-uv\/\" target=\"_blank\" rel=\"noopener\">Protection UV<\/a> qui le prot\u00e8ge des rayons du soleil et est \u00e9galement r\u00e9sistant \u00e0 l&rsquo;eau. Gr\u00e2ce \u00e0 son excellente finition \u00e0 la main, cette plante artificielle a un aspect tr\u00e8s r\u00e9aliste. C&rsquo;est sans aucun doute un \u00e9l\u00e9ment d\u00e9coratif d&rsquo;int\u00e9rieur essentiel dans votre home. Avec la plante artificielle Cheflera, vous pourrez donner une touche naturelle \u00e0 votre maison.<\/p>\n<h3>O\u00f9 vas-tu le mettre ?<\/h3>\n<p>Le Mur V\u00e9g\u00e9tal <a href=\"https:\/\/es.wikipedia.org\/wiki\/Schefflera_arboricola\" target=\"_blank\" rel=\"noopener\">CHEFLERA<\/a> artificiel est une plante tr\u00e8s reconnaissante, forte et tr\u00e8s d\u00e9velopp\u00e9e qui, avec un minimum de soins, peut atteindre une hauteur de deux m\u00e8tres. Son nom scientifique est \u00a0\u00bb Schefflera actinophylla \u00a0\u00bb Par cons\u00e9quent, au moment d&rsquo;en choisir un, nous devons tenir compte de l&rsquo;endroit de la maison o\u00f9 nous allons le placer, car il a besoin de beaucoup de lumi\u00e8re et d&rsquo;espace pour se d\u00e9velopper.<\/p>\n<h3>En savoir plus sur le Mur V\u00e9g\u00e9tal CHEFLERA<\/h3>\n<p>C&rsquo;est un arbuste \u00e0 feuilles persistantes qui atteint 3 \u00e0 6 m\u00e8tres de hauteur \u00e0 la fois en isol\u00e9, en <a class=\"mw-redirect\" title=\"Grimpant\" href=\"https:\/\/es.wikipedia.org\/wiki\/Trepadora\">grimpant<\/a> ou en <a class=\"mw-redirect\" title=\"\u00c9piphyte\" href=\"https:\/\/es.wikipedia.org\/wiki\/Ep%C3%ADfita\">\u00e9piphyte<\/a> d&rsquo;autres arbres.<\/p>\n<p>Cette plante artificielle aussi appel\u00e9e \u00ab\u00a0\u00a0\u00bbarbre parapluie nain\u00a0\u00bb\u00a0\u00bb, est bas\u00e9e sur la plante qui lui donne son nom de Ta\u00efwan. Il se caract\u00e9rise par son grand nombre de feuilles et son ton verd\u00e2tre caract\u00e9ristique. Cette plante n&rsquo;est-elle pas incroyable ?<\/p>\n<p>S&rsquo;il vous pla\u00eet, nous vous recommandons de garder ces types de plantes artificielles loin des sources directes de chaleur.<\/p>\n<p>Nous vous conseillons \u00e9galement de nettoyer la plante avec un chiffon imbib\u00e9 d&rsquo;eau sans r\u00e9ellement utiliser de d\u00e9tergents qui pourraient g\u00e2cher la finition du produit.<\/p>\n","protected":false},"excerpt":{"rendered":"<p>Mur V\u00e9g\u00e9tal CHEFLERA artificiel, esth\u00e9tique et finition spectaculaires, valable pour l&rsquo;int\u00e9rieur et l&rsquo;ext\u00e9rieur. Facile \u00e0 installer. Protection UV et imperm\u00e9able.<\/p>\n<table>\n<tbody>\n<tr>\n<td><strong>R\u00c9F<\/strong><\/td>\n<td><strong>TAILLE DE LA PLAQUE<\/strong><\/td>\n<\/tr>\n<tr>\n<td><strong>1817007<\/strong><\/td>\n<td>50 x 50 cm<\/td>\n<\/tr>\n<\/tbody>\n<\/table>\n","protected":false},"featured_media":2570,"template":"","meta":{"_monsterinsights_skip_tracking":false,"_monsterinsights_sitenote_active":false,"_monsterinsights_sitenote_note":"","_monsterinsights_sitenote_category":0},"product_brand":[],"product_cat":[248],"product_tag":[263,269,268],"class_list":{"0":"post-3558","1":"product","2":"type-product","3":"status-publish","4":"has-post-thumbnail","6":"product_cat-mur-vegetal-artificiel","7":"product_tag-plantes-artificielles-avec-protection-uv","8":"product_tag-fougere-dinterieur","9":"product_tag-fougere-pour-lexterieur","10":"","11":"woocommerce-text-align-center","12":"woocommerce-image-align-center","13":"do-quantity-buttons","15":"first","16":"instock","17":"taxable","18":"shipping-taxable","19":"purchasable","20":"product-type-simple"},"yoast_head":"<!-- This site is optimized with the Yoast SEO plugin v27.4 - https:\/\/yoast.com\/product\/yoast-seo-wordpress\/ -->\n<title>Mur V\u00e9g\u00e9tal CHEFLERA artificiel- Haut r\u00e9alisme \u00e0 l&#039;int\u00e9rieur et l&#039;ext\u00e9rieur<\/title>\n<meta name=\"description\" content=\"Mur V\u00e9g\u00e9tal CHEFLERA artificiel - avec protection UV et imperm\u00e9able. Haut R\u00e9alisme pour d\u00e9corer int\u00e9rieurs ou ext\u00e9rieurs.\" \/>\n<meta name=\"robots\" content=\"index, follow, max-snippet:-1, max-image-preview:large, max-video-preview:-1\" \/>\n<link rel=\"canonical\" href=\"https:\/\/decoplanta.com\/fr\/mur-vegetal-artificiel\/mur-vegetal-cheflera\/\" \/>\n<meta property=\"og:locale\" content=\"fr_FR\" \/>\n<meta property=\"og:type\" content=\"article\" \/>\n<meta property=\"og:title\" content=\"Mur V\u00e9g\u00e9tal CHEFLERA artificiel- Haut r\u00e9alisme \u00e0 l&#039;int\u00e9rieur et l&#039;ext\u00e9rieur\" \/>\n<meta property=\"og:description\" content=\"Mur V\u00e9g\u00e9tal CHEFLERA artificiel - avec protection UV et imperm\u00e9able. Haut R\u00e9alisme pour d\u00e9corer int\u00e9rieurs ou ext\u00e9rieurs.\" \/>\n<meta property=\"og:url\" content=\"https:\/\/decoplanta.com\/fr\/mur-vegetal-artificiel\/mur-vegetal-cheflera\/\" \/>\n<meta property=\"og:site_name\" content=\"PLANTES ET ARBRES ARTIFICIELS TR\u00c8S R\u00c9ALISTES\" \/>\n<meta property=\"article:modified_time\" content=\"2021-12-25T10:49:05+00:00\" \/>\n<meta property=\"og:image\" content=\"https:\/\/decoplanta.com\/wp-content\/uploads\/2021\/03\/1817007-jardin-vertical-CHEFLERA-UV.jpg\" \/>\n\t<meta property=\"og:image:width\" content=\"1800\" \/>\n\t<meta property=\"og:image:height\" content=\"1799\" \/>\n\t<meta property=\"og:image:type\" content=\"image\/jpeg\" \/>\n<meta name=\"twitter:card\" content=\"summary_large_image\" \/>\n<meta name=\"twitter:label1\" content=\"Dur\u00e9e de lecture estim\u00e9e\" \/>\n\t<meta name=\"twitter:data1\" content=\"2 minutes\" \/>\n<script type=\"application\/ld+json\" class=\"yoast-schema-graph\">{\"@context\":\"https:\\\/\\\/schema.org\",\"@graph\":[{\"@type\":\"WebPage\",\"@id\":\"https:\\\/\\\/decoplanta.com\\\/fr\\\/mur-vegetal-artificiel\\\/mur-vegetal-cheflera\\\/\",\"url\":\"https:\\\/\\\/decoplanta.com\\\/fr\\\/mur-vegetal-artificiel\\\/mur-vegetal-cheflera\\\/\",\"name\":\"Mur V\u00e9g\u00e9tal CHEFLERA artificiel- Haut r\u00e9alisme \u00e0 l'int\u00e9rieur et l'ext\u00e9rieur\",\"isPartOf\":{\"@id\":\"https:\\\/\\\/decoplanta.com\\\/fr\\\/#website\"},\"primaryImageOfPage\":{\"@id\":\"https:\\\/\\\/decoplanta.com\\\/fr\\\/mur-vegetal-artificiel\\\/mur-vegetal-cheflera\\\/#primaryimage\"},\"image\":{\"@id\":\"https:\\\/\\\/decoplanta.com\\\/fr\\\/mur-vegetal-artificiel\\\/mur-vegetal-cheflera\\\/#primaryimage\"},\"thumbnailUrl\":\"https:\\\/\\\/decoplanta.com\\\/wp-content\\\/uploads\\\/2021\\\/03\\\/1817007-jardin-vertical-CHEFLERA-UV.jpg\",\"datePublished\":\"2021-12-25T10:03:26+00:00\",\"dateModified\":\"2021-12-25T10:49:05+00:00\",\"description\":\"Mur V\u00e9g\u00e9tal CHEFLERA artificiel - avec protection UV et imperm\u00e9able. Haut R\u00e9alisme pour d\u00e9corer int\u00e9rieurs ou ext\u00e9rieurs.\",\"breadcrumb\":{\"@id\":\"https:\\\/\\\/decoplanta.com\\\/fr\\\/mur-vegetal-artificiel\\\/mur-vegetal-cheflera\\\/#breadcrumb\"},\"inLanguage\":\"fr-FR\",\"potentialAction\":[{\"@type\":\"ReadAction\",\"target\":[\"https:\\\/\\\/decoplanta.com\\\/fr\\\/mur-vegetal-artificiel\\\/mur-vegetal-cheflera\\\/\"]}]},{\"@type\":\"ImageObject\",\"inLanguage\":\"fr-FR\",\"@id\":\"https:\\\/\\\/decoplanta.com\\\/fr\\\/mur-vegetal-artificiel\\\/mur-vegetal-cheflera\\\/#primaryimage\",\"url\":\"https:\\\/\\\/decoplanta.com\\\/wp-content\\\/uploads\\\/2021\\\/03\\\/1817007-jardin-vertical-CHEFLERA-UV.jpg\",\"contentUrl\":\"https:\\\/\\\/decoplanta.com\\\/wp-content\\\/uploads\\\/2021\\\/03\\\/1817007-jardin-vertical-CHEFLERA-UV.jpg\",\"width\":1800,\"height\":1799,\"caption\":\"Mur V\u00e9g\u00e9tal CHEFLERA artificiel UV- Haut r\u00e9alisme\"},{\"@type\":\"BreadcrumbList\",\"@id\":\"https:\\\/\\\/decoplanta.com\\\/fr\\\/mur-vegetal-artificiel\\\/mur-vegetal-cheflera\\\/#breadcrumb\",\"itemListElement\":[{\"@type\":\"ListItem\",\"position\":1,\"name\":\"Portada\",\"item\":\"https:\\\/\\\/decoplanta.com\\\/fr\\\/\"},{\"@type\":\"ListItem\",\"position\":2,\"name\":\"Priv\u00e9\u00a0: Tienda\",\"item\":\"https:\\\/\\\/decoplanta.com\\\/?page_id=377\"},{\"@type\":\"ListItem\",\"position\":3,\"name\":\"Mur V\u00e9g\u00e9tal CHEFLERA\"}]},{\"@type\":\"WebSite\",\"@id\":\"https:\\\/\\\/decoplanta.com\\\/fr\\\/#website\",\"url\":\"https:\\\/\\\/decoplanta.com\\\/fr\\\/\",\"name\":\"PLANTES ET ARBRES ARTIFICIELS TR\u00c8S R\u00c9ALISTES\",\"description\":\"Proveedor de Plantas artificiales para estudios de Arquitectura, Interiorismo, Paisajismo, Escenograf\u00eda, Tiendas de Decoraci\u00f3n Florister\u00edas y Mobiliario\",\"publisher\":{\"@id\":\"https:\\\/\\\/decoplanta.com\\\/fr\\\/#organization\"},\"potentialAction\":[{\"@type\":\"SearchAction\",\"target\":{\"@type\":\"EntryPoint\",\"urlTemplate\":\"https:\\\/\\\/decoplanta.com\\\/fr\\\/?s={search_term_string}\"},\"query-input\":{\"@type\":\"PropertyValueSpecification\",\"valueRequired\":true,\"valueName\":\"search_term_string\"}}],\"inLanguage\":\"fr-FR\"},{\"@type\":\"Organization\",\"@id\":\"https:\\\/\\\/decoplanta.com\\\/fr\\\/#organization\",\"name\":\"PLANTES ET ARBRES ARTIFICIELS TR\u00c8S R\u00c9ALISTES\",\"url\":\"https:\\\/\\\/decoplanta.com\\\/fr\\\/\",\"logo\":{\"@type\":\"ImageObject\",\"inLanguage\":\"fr-FR\",\"@id\":\"https:\\\/\\\/decoplanta.com\\\/fr\\\/#\\\/schema\\\/logo\\\/image\\\/\",\"url\":\"https:\\\/\\\/decoplanta.com\\\/wp-content\\\/uploads\\\/2021\\\/02\\\/decoplanta-logo2020.svg\",\"contentUrl\":\"https:\\\/\\\/decoplanta.com\\\/wp-content\\\/uploads\\\/2021\\\/02\\\/decoplanta-logo2020.svg\",\"width\":500,\"height\":500,\"caption\":\"PLANTES ET ARBRES ARTIFICIELS TR\u00c8S R\u00c9ALISTES\"},\"image\":{\"@id\":\"https:\\\/\\\/decoplanta.com\\\/fr\\\/#\\\/schema\\\/logo\\\/image\\\/\"}}]}<\/script>\n<!-- \/ Yoast SEO plugin. -->","yoast_head_json":{"title":"Mur V\u00e9g\u00e9tal CHEFLERA artificiel- Haut r\u00e9alisme \u00e0 l'int\u00e9rieur et l'ext\u00e9rieur","description":"Mur V\u00e9g\u00e9tal CHEFLERA artificiel - avec protection UV et imperm\u00e9able. Haut R\u00e9alisme pour d\u00e9corer int\u00e9rieurs ou ext\u00e9rieurs.","robots":{"index":"index","follow":"follow","max-snippet":"max-snippet:-1","max-image-preview":"max-image-preview:large","max-video-preview":"max-video-preview:-1"},"canonical":"https:\/\/decoplanta.com\/fr\/mur-vegetal-artificiel\/mur-vegetal-cheflera\/","og_locale":"fr_FR","og_type":"article","og_title":"Mur V\u00e9g\u00e9tal CHEFLERA artificiel- Haut r\u00e9alisme \u00e0 l'int\u00e9rieur et l'ext\u00e9rieur","og_description":"Mur V\u00e9g\u00e9tal CHEFLERA artificiel - avec protection UV et imperm\u00e9able. Haut R\u00e9alisme pour d\u00e9corer int\u00e9rieurs ou ext\u00e9rieurs.","og_url":"https:\/\/decoplanta.com\/fr\/mur-vegetal-artificiel\/mur-vegetal-cheflera\/","og_site_name":"PLANTES ET ARBRES ARTIFICIELS TR\u00c8S R\u00c9ALISTES","article_modified_time":"2021-12-25T10:49:05+00:00","og_image":[{"width":1800,"height":1799,"url":"https:\/\/decoplanta.com\/wp-content\/uploads\/2021\/03\/1817007-jardin-vertical-CHEFLERA-UV.jpg","type":"image\/jpeg"}],"twitter_card":"summary_large_image","twitter_misc":{"Dur\u00e9e de lecture estim\u00e9e":"2 minutes"},"schema":{"@context":"https:\/\/schema.org","@graph":[{"@type":"WebPage","@id":"https:\/\/decoplanta.com\/fr\/mur-vegetal-artificiel\/mur-vegetal-cheflera\/","url":"https:\/\/decoplanta.com\/fr\/mur-vegetal-artificiel\/mur-vegetal-cheflera\/","name":"Mur V\u00e9g\u00e9tal CHEFLERA artificiel- Haut r\u00e9alisme \u00e0 l'int\u00e9rieur et l'ext\u00e9rieur","isPartOf":{"@id":"https:\/\/decoplanta.com\/fr\/#website"},"primaryImageOfPage":{"@id":"https:\/\/decoplanta.com\/fr\/mur-vegetal-artificiel\/mur-vegetal-cheflera\/#primaryimage"},"image":{"@id":"https:\/\/decoplanta.com\/fr\/mur-vegetal-artificiel\/mur-vegetal-cheflera\/#primaryimage"},"thumbnailUrl":"https:\/\/decoplanta.com\/wp-content\/uploads\/2021\/03\/1817007-jardin-vertical-CHEFLERA-UV.jpg","datePublished":"2021-12-25T10:03:26+00:00","dateModified":"2021-12-25T10:49:05+00:00","description":"Mur V\u00e9g\u00e9tal CHEFLERA artificiel - avec protection UV et imperm\u00e9able. Haut R\u00e9alisme pour d\u00e9corer int\u00e9rieurs ou ext\u00e9rieurs.","breadcrumb":{"@id":"https:\/\/decoplanta.com\/fr\/mur-vegetal-artificiel\/mur-vegetal-cheflera\/#breadcrumb"},"inLanguage":"fr-FR","potentialAction":[{"@type":"ReadAction","target":["https:\/\/decoplanta.com\/fr\/mur-vegetal-artificiel\/mur-vegetal-cheflera\/"]}]},{"@type":"ImageObject","inLanguage":"fr-FR","@id":"https:\/\/decoplanta.com\/fr\/mur-vegetal-artificiel\/mur-vegetal-cheflera\/#primaryimage","url":"https:\/\/decoplanta.com\/wp-content\/uploads\/2021\/03\/1817007-jardin-vertical-CHEFLERA-UV.jpg","contentUrl":"https:\/\/decoplanta.com\/wp-content\/uploads\/2021\/03\/1817007-jardin-vertical-CHEFLERA-UV.jpg","width":1800,"height":1799,"caption":"Mur V\u00e9g\u00e9tal CHEFLERA artificiel UV- Haut r\u00e9alisme"},{"@type":"BreadcrumbList","@id":"https:\/\/decoplanta.com\/fr\/mur-vegetal-artificiel\/mur-vegetal-cheflera\/#breadcrumb","itemListElement":[{"@type":"ListItem","position":1,"name":"Portada","item":"https:\/\/decoplanta.com\/fr\/"},{"@type":"ListItem","position":2,"name":"Priv\u00e9\u00a0: Tienda","item":"https:\/\/decoplanta.com\/?page_id=377"},{"@type":"ListItem","position":3,"name":"Mur V\u00e9g\u00e9tal CHEFLERA"}]},{"@type":"WebSite","@id":"https:\/\/decoplanta.com\/fr\/#website","url":"https:\/\/decoplanta.com\/fr\/","name":"PLANTES ET ARBRES ARTIFICIELS TR\u00c8S R\u00c9ALISTES","description":"Proveedor de Plantas artificiales para estudios de Arquitectura, Interiorismo, Paisajismo, Escenograf\u00eda, Tiendas de Decoraci\u00f3n Florister\u00edas y Mobiliario","publisher":{"@id":"https:\/\/decoplanta.com\/fr\/#organization"},"potentialAction":[{"@type":"SearchAction","target":{"@type":"EntryPoint","urlTemplate":"https:\/\/decoplanta.com\/fr\/?s={search_term_string}"},"query-input":{"@type":"PropertyValueSpecification","valueRequired":true,"valueName":"search_term_string"}}],"inLanguage":"fr-FR"},{"@type":"Organization","@id":"https:\/\/decoplanta.com\/fr\/#organization","name":"PLANTES ET ARBRES ARTIFICIELS TR\u00c8S R\u00c9ALISTES","url":"https:\/\/decoplanta.com\/fr\/","logo":{"@type":"ImageObject","inLanguage":"fr-FR","@id":"https:\/\/decoplanta.com\/fr\/#\/schema\/logo\/image\/","url":"https:\/\/decoplanta.com\/wp-content\/uploads\/2021\/02\/decoplanta-logo2020.svg","contentUrl":"https:\/\/decoplanta.com\/wp-content\/uploads\/2021\/02\/decoplanta-logo2020.svg","width":500,"height":500,"caption":"PLANTES ET ARBRES ARTIFICIELS TR\u00c8S R\u00c9ALISTES"},"image":{"@id":"https:\/\/decoplanta.com\/fr\/#\/schema\/logo\/image\/"}}]}},"_links":{"self":[{"href":"https:\/\/decoplanta.com\/fr\/wp-json\/wp\/v2\/product\/3558","targetHints":{"allow":["GET"]}}],"collection":[{"href":"https:\/\/decoplanta.com\/fr\/wp-json\/wp\/v2\/product"}],"about":[{"href":"https:\/\/decoplanta.com\/fr\/wp-json\/wp\/v2\/types\/product"}],"version-history":[{"count":0,"href":"https:\/\/decoplanta.com\/fr\/wp-json\/wp\/v2\/product\/3558\/revisions"}],"wp:featuredmedia":[{"embeddable":true,"href":"https:\/\/decoplanta.com\/fr\/wp-json\/wp\/v2\/media\/2570"}],"wp:attachment":[{"href":"https:\/\/decoplanta.com\/fr\/wp-json\/wp\/v2\/media?parent=3558"}],"wp:term":[{"taxonomy":"product_brand","embeddable":true,"href":"https:\/\/decoplanta.com\/fr\/wp-json\/wp\/v2\/product_brand?post=3558"},{"taxonomy":"product_cat","embeddable":true,"href":"https:\/\/decoplanta.com\/fr\/wp-json\/wp\/v2\/product_cat?post=3558"},{"taxonomy":"product_tag","embeddable":true,"href":"https:\/\/decoplanta.com\/fr\/wp-json\/wp\/v2\/product_tag?post=3558"}],"curies":[{"name":"wp","href":"https:\/\/api.w.org\/{rel}","templated":true}]}}