{"id":8268,"date":"2025-03-10T10:00:15","date_gmt":"2025-03-10T09:00:15","guid":{"rendered":"https:\/\/decoplanta.com\/?post_type=product&#038;p=8268"},"modified":"2025-03-10T12:18:37","modified_gmt":"2025-03-10T11:18:37","slug":"arbre-yucca-uv-150cm","status":"publish","type":"product","link":"https:\/\/decoplanta.com\/fr\/plantes-pour-lexterieur-artificielles\/arbre-yucca-uv-150cm\/","title":{"rendered":"YUCCA UV"},"content":{"rendered":"<p>Arbre YUCCA UV artificiel d&rsquo;un r\u00e9alisme incroyable, d&rsquo;une hauteur de 150 cm. Comprend un traitement UV sp\u00e9cifique pour l&rsquo;ext\u00e9rieur. Le soleil et l&rsquo;eau ne seront pas un obstacle pour rester comme au premier jour. Aucun entretien requis. Il est servi avec un pot de base.<\/p>\n<p>Arbre <a href=\"https:\/\/es.wikipedia.org\/wiki\/Yucca\">YUCCA<\/a> artificiel, de grande hauteur et d&rsquo;un r\u00e9alisme incroyable et fini en prenant soin du maximum de d\u00e9tails, exemplaire avec <a href=\"https:\/\/decoplanta.com\/fr\/etiquette-produit\/plante-tropicale\/\"><strong>tronc avec rev\u00eatement naturel<\/strong><\/a>. Toute l&rsquo;\u00e9l\u00e9gance que peut avoir un palmier artificiel. Disponible en hauteur 150 cm. Il est livr\u00e9 avec une pot de base incluse et ne n\u00e9cessite aucun entretien.<\/p>\n<p>\u00c9s un petit\u00a0<a title=\"Arbre\" href=\"https:\/\/ca.wikipedia.org\/wiki\/Arbre\">arbre<\/a>\u00a0que arriba als 5 m d&rsquo;al\u00e7ada amb una densa corona de\u00a0<a class=\"mw-redirect\" title=\"Fulles\" href=\"https:\/\/ca.wikipedia.org\/wiki\/Fulles\">fulles<\/a>\u00a0disposades com en baioneta al final del\u00a0<a title=\"Tija\" href=\"https:\/\/ca.wikipedia.org\/wiki\/Tija\">tronc<\/a>\u00a0basal. L&rsquo;<a title=\"Escor\u00e7a (anatomia vegetal)\" href=\"https:\/\/ca.wikipedia.org\/wiki\/Escor%C3%A7a_(anatomia_vegetal)\">escor\u00e7a<\/a>\u00a0\u00e9s de color gris-marr\u00f3 i est\u00e0 coberta per les fulles mortes prop de la copa. Les mesuren de 3 a 15 dm de longitud i de 4 a 11\u00a0cm d&rsquo;amplitud a la base, c\u00f2ncau-convexes, gruixudes, molt r\u00edgides i de color groc-verd\u00f3s a blau-verd\u00f3s.<\/p>\n<p>Les\u00a0<a class=\"mw-redirect\" title=\"Flors\" href=\"https:\/\/ca.wikipedia.org\/wiki\/Flors\">flors<\/a>\u00a0s\u00f3n de color blanc i, a vegades, amb tints porpres, acampanades i de 3 a 5\u00a0cm de longitud que es produeixen en compactes grups de 6-12 dm d&rsquo;al\u00e7ada al final del\u00a0<a title=\"Tija\" href=\"https:\/\/ca.wikipedia.org\/wiki\/Tija\">tija<\/a>. El\u00a0<a title=\"Fruit\" href=\"https:\/\/ca.wikipedia.org\/wiki\/Fruit\">fruit<\/a>\u00a0\u00e9s una\u00a0<a title=\"C\u00e0psula (fruit)\" href=\"https:\/\/ca.wikipedia.org\/wiki\/C%C3%A0psula_(fruit)\">c\u00e0psula<\/a>\u00a0carnosa i verda que, al madurar, a finals de l&rsquo;<a title=\"Estiu\" href=\"https:\/\/ca.wikipedia.org\/wiki\/Estiu\">estiu<\/a>, es torna cori\u00e0cia i de color marr\u00f3 fosc. Els fruits mesuren de 5 a 11,5\u00a0cm de longitud i de 3 a 4\u00a0cm d&rsquo;ample.<\/p>\n","protected":false},"excerpt":{"rendered":"<p>Arbre YUCCA UV artificiel d&rsquo;un r\u00e9alisme incroyable, d&rsquo;une hauteur de 150 cm. Comprend un traitement UV sp\u00e9cifique pour l&rsquo;ext\u00e9rieur. Le soleil et l&rsquo;eau ne seront pas un obstacle pour rester comme au premier jour. Aucun entretien requis. Il est servi avec un pot de base.<\/p>\n<table>\n<tbody>\n<tr>\n<td><strong>R\u00c9F<\/strong><\/td>\n<td><strong>HAUTEUR<\/strong><\/td>\n<\/tr>\n<tr>\n<td><strong>433992<\/strong><\/td>\n<td>150 cm<\/td>\n<\/tr>\n<\/tbody>\n<\/table>\n","protected":false},"featured_media":8273,"template":"","meta":{"_monsterinsights_skip_tracking":false,"_monsterinsights_sitenote_active":false,"_monsterinsights_sitenote_note":"","_monsterinsights_sitenote_category":0},"product_brand":[],"product_cat":[250],"product_tag":[263,276,278],"class_list":{"0":"post-8268","1":"product","2":"type-product","3":"status-publish","4":"has-post-thumbnail","6":"product_cat-plantes-pour-lexterieur-artificielles","7":"product_tag-plantes-artificielles-avec-protection-uv","8":"product_tag-palmier-artificiel","9":"product_tag-plante-tropicale","10":"","11":"woocommerce-text-align-center","12":"woocommerce-image-align-center","13":"do-quantity-buttons","15":"first","16":"instock","17":"taxable","18":"shipping-taxable","19":"purchasable","20":"product-type-simple"},"yoast_head":"<!-- This site is optimized with the Yoast SEO plugin v27.4 - https:\/\/yoast.com\/product\/yoast-seo-wordpress\/ -->\n<title>YUCCA artificiel UV 150 cm - R\u00e9alisme incroyable pour l&#039;ext\u00e9rieur<\/title>\n<meta name=\"description\" content=\"YUCCA artificiel UV UV sp\u00e9cifique pour l&#039;ext\u00e9rieur. R\u00e9alisme incroyable et fini en prenant soin du maximum de d\u00e9tails. 150 cm de haut\" \/>\n<meta name=\"robots\" content=\"index, follow, max-snippet:-1, max-image-preview:large, max-video-preview:-1\" \/>\n<link rel=\"canonical\" href=\"https:\/\/decoplanta.com\/fr\/plantes-pour-lexterieur-artificielles\/arbre-yucca-uv-150cm\/\" \/>\n<meta property=\"og:locale\" content=\"fr_FR\" \/>\n<meta property=\"og:type\" content=\"article\" \/>\n<meta property=\"og:title\" content=\"YUCCA artificiel UV 150 cm - R\u00e9alisme incroyable pour l&#039;ext\u00e9rieur\" \/>\n<meta property=\"og:description\" content=\"YUCCA artificiel UV UV sp\u00e9cifique pour l&#039;ext\u00e9rieur. R\u00e9alisme incroyable et fini en prenant soin du maximum de d\u00e9tails. 150 cm de haut\" \/>\n<meta property=\"og:url\" content=\"https:\/\/decoplanta.com\/fr\/plantes-pour-lexterieur-artificielles\/arbre-yucca-uv-150cm\/\" \/>\n<meta property=\"og:site_name\" content=\"PLANTES ET ARBRES ARTIFICIELS TR\u00c8S R\u00c9ALISTES\" \/>\n<meta property=\"article:modified_time\" content=\"2025-03-10T11:18:37+00:00\" \/>\n<meta property=\"og:image\" content=\"https:\/\/decoplanta.com\/wp-content\/uploads\/2025\/03\/433992-YUCCA_UV-150cm.jpg\" \/>\n\t<meta property=\"og:image:width\" content=\"2200\" \/>\n\t<meta property=\"og:image:height\" content=\"2199\" \/>\n\t<meta property=\"og:image:type\" content=\"image\/jpeg\" \/>\n<meta name=\"twitter:card\" content=\"summary_large_image\" \/>\n<meta name=\"twitter:label1\" content=\"Dur\u00e9e de lecture estim\u00e9e\" \/>\n\t<meta name=\"twitter:data1\" content=\"2 minutes\" \/>\n<script type=\"application\/ld+json\" class=\"yoast-schema-graph\">{\"@context\":\"https:\\\/\\\/schema.org\",\"@graph\":[{\"@type\":\"WebPage\",\"@id\":\"https:\\\/\\\/decoplanta.com\\\/fr\\\/plantes-pour-lexterieur-artificielles\\\/arbre-yucca-uv-150cm\\\/\",\"url\":\"https:\\\/\\\/decoplanta.com\\\/fr\\\/plantes-pour-lexterieur-artificielles\\\/arbre-yucca-uv-150cm\\\/\",\"name\":\"YUCCA artificiel UV 150 cm - R\u00e9alisme incroyable pour l'ext\u00e9rieur\",\"isPartOf\":{\"@id\":\"https:\\\/\\\/decoplanta.com\\\/fr\\\/#website\"},\"primaryImageOfPage\":{\"@id\":\"https:\\\/\\\/decoplanta.com\\\/fr\\\/plantes-pour-lexterieur-artificielles\\\/arbre-yucca-uv-150cm\\\/#primaryimage\"},\"image\":{\"@id\":\"https:\\\/\\\/decoplanta.com\\\/fr\\\/plantes-pour-lexterieur-artificielles\\\/arbre-yucca-uv-150cm\\\/#primaryimage\"},\"thumbnailUrl\":\"https:\\\/\\\/decoplanta.com\\\/wp-content\\\/uploads\\\/2025\\\/03\\\/433992-YUCCA_UV-150cm.jpg\",\"datePublished\":\"2025-03-10T09:00:15+00:00\",\"dateModified\":\"2025-03-10T11:18:37+00:00\",\"description\":\"YUCCA artificiel UV UV sp\u00e9cifique pour l'ext\u00e9rieur. R\u00e9alisme incroyable et fini en prenant soin du maximum de d\u00e9tails. 150 cm de haut\",\"breadcrumb\":{\"@id\":\"https:\\\/\\\/decoplanta.com\\\/fr\\\/plantes-pour-lexterieur-artificielles\\\/arbre-yucca-uv-150cm\\\/#breadcrumb\"},\"inLanguage\":\"fr-FR\",\"potentialAction\":[{\"@type\":\"ReadAction\",\"target\":[\"https:\\\/\\\/decoplanta.com\\\/fr\\\/plantes-pour-lexterieur-artificielles\\\/arbre-yucca-uv-150cm\\\/\"]}]},{\"@type\":\"ImageObject\",\"inLanguage\":\"fr-FR\",\"@id\":\"https:\\\/\\\/decoplanta.com\\\/fr\\\/plantes-pour-lexterieur-artificielles\\\/arbre-yucca-uv-150cm\\\/#primaryimage\",\"url\":\"https:\\\/\\\/decoplanta.com\\\/wp-content\\\/uploads\\\/2025\\\/03\\\/433992-YUCCA_UV-150cm.jpg\",\"contentUrl\":\"https:\\\/\\\/decoplanta.com\\\/wp-content\\\/uploads\\\/2025\\\/03\\\/433992-YUCCA_UV-150cm.jpg\",\"width\":2200,\"height\":2199,\"caption\":\"\u00c1rbol YUCCA UV artificial de incre\u00edble realismo, con una altura de 150 cm. Incluye tratamiento espec\u00edfico UV para exterior\"},{\"@type\":\"BreadcrumbList\",\"@id\":\"https:\\\/\\\/decoplanta.com\\\/fr\\\/plantes-pour-lexterieur-artificielles\\\/arbre-yucca-uv-150cm\\\/#breadcrumb\",\"itemListElement\":[{\"@type\":\"ListItem\",\"position\":1,\"name\":\"Portada\",\"item\":\"https:\\\/\\\/decoplanta.com\\\/fr\\\/\"},{\"@type\":\"ListItem\",\"position\":2,\"name\":\"Priv\u00e9\u00a0: Tienda\",\"item\":\"https:\\\/\\\/decoplanta.com\\\/?page_id=377\"},{\"@type\":\"ListItem\",\"position\":3,\"name\":\"YUCCA UV\"}]},{\"@type\":\"WebSite\",\"@id\":\"https:\\\/\\\/decoplanta.com\\\/fr\\\/#website\",\"url\":\"https:\\\/\\\/decoplanta.com\\\/fr\\\/\",\"name\":\"PLANTES ET ARBRES ARTIFICIELS TR\u00c8S R\u00c9ALISTES\",\"description\":\"Proveedor de Plantas artificiales para estudios de Arquitectura, Interiorismo, Paisajismo, Escenograf\u00eda, Tiendas de Decoraci\u00f3n Florister\u00edas y Mobiliario\",\"publisher\":{\"@id\":\"https:\\\/\\\/decoplanta.com\\\/fr\\\/#organization\"},\"potentialAction\":[{\"@type\":\"SearchAction\",\"target\":{\"@type\":\"EntryPoint\",\"urlTemplate\":\"https:\\\/\\\/decoplanta.com\\\/fr\\\/?s={search_term_string}\"},\"query-input\":{\"@type\":\"PropertyValueSpecification\",\"valueRequired\":true,\"valueName\":\"search_term_string\"}}],\"inLanguage\":\"fr-FR\"},{\"@type\":\"Organization\",\"@id\":\"https:\\\/\\\/decoplanta.com\\\/fr\\\/#organization\",\"name\":\"PLANTES ET ARBRES ARTIFICIELS TR\u00c8S R\u00c9ALISTES\",\"url\":\"https:\\\/\\\/decoplanta.com\\\/fr\\\/\",\"logo\":{\"@type\":\"ImageObject\",\"inLanguage\":\"fr-FR\",\"@id\":\"https:\\\/\\\/decoplanta.com\\\/fr\\\/#\\\/schema\\\/logo\\\/image\\\/\",\"url\":\"https:\\\/\\\/decoplanta.com\\\/wp-content\\\/uploads\\\/2021\\\/02\\\/decoplanta-logo2020.svg\",\"contentUrl\":\"https:\\\/\\\/decoplanta.com\\\/wp-content\\\/uploads\\\/2021\\\/02\\\/decoplanta-logo2020.svg\",\"width\":500,\"height\":500,\"caption\":\"PLANTES ET ARBRES ARTIFICIELS TR\u00c8S R\u00c9ALISTES\"},\"image\":{\"@id\":\"https:\\\/\\\/decoplanta.com\\\/fr\\\/#\\\/schema\\\/logo\\\/image\\\/\"}}]}<\/script>\n<!-- \/ Yoast SEO plugin. -->","yoast_head_json":{"title":"YUCCA artificiel UV 150 cm - R\u00e9alisme incroyable pour l'ext\u00e9rieur","description":"YUCCA artificiel UV UV sp\u00e9cifique pour l'ext\u00e9rieur. R\u00e9alisme incroyable et fini en prenant soin du maximum de d\u00e9tails. 150 cm de haut","robots":{"index":"index","follow":"follow","max-snippet":"max-snippet:-1","max-image-preview":"max-image-preview:large","max-video-preview":"max-video-preview:-1"},"canonical":"https:\/\/decoplanta.com\/fr\/plantes-pour-lexterieur-artificielles\/arbre-yucca-uv-150cm\/","og_locale":"fr_FR","og_type":"article","og_title":"YUCCA artificiel UV 150 cm - R\u00e9alisme incroyable pour l'ext\u00e9rieur","og_description":"YUCCA artificiel UV UV sp\u00e9cifique pour l'ext\u00e9rieur. R\u00e9alisme incroyable et fini en prenant soin du maximum de d\u00e9tails. 150 cm de haut","og_url":"https:\/\/decoplanta.com\/fr\/plantes-pour-lexterieur-artificielles\/arbre-yucca-uv-150cm\/","og_site_name":"PLANTES ET ARBRES ARTIFICIELS TR\u00c8S R\u00c9ALISTES","article_modified_time":"2025-03-10T11:18:37+00:00","og_image":[{"width":2200,"height":2199,"url":"https:\/\/decoplanta.com\/wp-content\/uploads\/2025\/03\/433992-YUCCA_UV-150cm.jpg","type":"image\/jpeg"}],"twitter_card":"summary_large_image","twitter_misc":{"Dur\u00e9e de lecture estim\u00e9e":"2 minutes"},"schema":{"@context":"https:\/\/schema.org","@graph":[{"@type":"WebPage","@id":"https:\/\/decoplanta.com\/fr\/plantes-pour-lexterieur-artificielles\/arbre-yucca-uv-150cm\/","url":"https:\/\/decoplanta.com\/fr\/plantes-pour-lexterieur-artificielles\/arbre-yucca-uv-150cm\/","name":"YUCCA artificiel UV 150 cm - R\u00e9alisme incroyable pour l'ext\u00e9rieur","isPartOf":{"@id":"https:\/\/decoplanta.com\/fr\/#website"},"primaryImageOfPage":{"@id":"https:\/\/decoplanta.com\/fr\/plantes-pour-lexterieur-artificielles\/arbre-yucca-uv-150cm\/#primaryimage"},"image":{"@id":"https:\/\/decoplanta.com\/fr\/plantes-pour-lexterieur-artificielles\/arbre-yucca-uv-150cm\/#primaryimage"},"thumbnailUrl":"https:\/\/decoplanta.com\/wp-content\/uploads\/2025\/03\/433992-YUCCA_UV-150cm.jpg","datePublished":"2025-03-10T09:00:15+00:00","dateModified":"2025-03-10T11:18:37+00:00","description":"YUCCA artificiel UV UV sp\u00e9cifique pour l'ext\u00e9rieur. R\u00e9alisme incroyable et fini en prenant soin du maximum de d\u00e9tails. 150 cm de haut","breadcrumb":{"@id":"https:\/\/decoplanta.com\/fr\/plantes-pour-lexterieur-artificielles\/arbre-yucca-uv-150cm\/#breadcrumb"},"inLanguage":"fr-FR","potentialAction":[{"@type":"ReadAction","target":["https:\/\/decoplanta.com\/fr\/plantes-pour-lexterieur-artificielles\/arbre-yucca-uv-150cm\/"]}]},{"@type":"ImageObject","inLanguage":"fr-FR","@id":"https:\/\/decoplanta.com\/fr\/plantes-pour-lexterieur-artificielles\/arbre-yucca-uv-150cm\/#primaryimage","url":"https:\/\/decoplanta.com\/wp-content\/uploads\/2025\/03\/433992-YUCCA_UV-150cm.jpg","contentUrl":"https:\/\/decoplanta.com\/wp-content\/uploads\/2025\/03\/433992-YUCCA_UV-150cm.jpg","width":2200,"height":2199,"caption":"\u00c1rbol YUCCA UV artificial de incre\u00edble realismo, con una altura de 150 cm. Incluye tratamiento espec\u00edfico UV para exterior"},{"@type":"BreadcrumbList","@id":"https:\/\/decoplanta.com\/fr\/plantes-pour-lexterieur-artificielles\/arbre-yucca-uv-150cm\/#breadcrumb","itemListElement":[{"@type":"ListItem","position":1,"name":"Portada","item":"https:\/\/decoplanta.com\/fr\/"},{"@type":"ListItem","position":2,"name":"Priv\u00e9\u00a0: Tienda","item":"https:\/\/decoplanta.com\/?page_id=377"},{"@type":"ListItem","position":3,"name":"YUCCA UV"}]},{"@type":"WebSite","@id":"https:\/\/decoplanta.com\/fr\/#website","url":"https:\/\/decoplanta.com\/fr\/","name":"PLANTES ET ARBRES ARTIFICIELS TR\u00c8S R\u00c9ALISTES","description":"Proveedor de Plantas artificiales para estudios de Arquitectura, Interiorismo, Paisajismo, Escenograf\u00eda, Tiendas de Decoraci\u00f3n Florister\u00edas y Mobiliario","publisher":{"@id":"https:\/\/decoplanta.com\/fr\/#organization"},"potentialAction":[{"@type":"SearchAction","target":{"@type":"EntryPoint","urlTemplate":"https:\/\/decoplanta.com\/fr\/?s={search_term_string}"},"query-input":{"@type":"PropertyValueSpecification","valueRequired":true,"valueName":"search_term_string"}}],"inLanguage":"fr-FR"},{"@type":"Organization","@id":"https:\/\/decoplanta.com\/fr\/#organization","name":"PLANTES ET ARBRES ARTIFICIELS TR\u00c8S R\u00c9ALISTES","url":"https:\/\/decoplanta.com\/fr\/","logo":{"@type":"ImageObject","inLanguage":"fr-FR","@id":"https:\/\/decoplanta.com\/fr\/#\/schema\/logo\/image\/","url":"https:\/\/decoplanta.com\/wp-content\/uploads\/2021\/02\/decoplanta-logo2020.svg","contentUrl":"https:\/\/decoplanta.com\/wp-content\/uploads\/2021\/02\/decoplanta-logo2020.svg","width":500,"height":500,"caption":"PLANTES ET ARBRES ARTIFICIELS TR\u00c8S R\u00c9ALISTES"},"image":{"@id":"https:\/\/decoplanta.com\/fr\/#\/schema\/logo\/image\/"}}]}},"_links":{"self":[{"href":"https:\/\/decoplanta.com\/fr\/wp-json\/wp\/v2\/product\/8268","targetHints":{"allow":["GET"]}}],"collection":[{"href":"https:\/\/decoplanta.com\/fr\/wp-json\/wp\/v2\/product"}],"about":[{"href":"https:\/\/decoplanta.com\/fr\/wp-json\/wp\/v2\/types\/product"}],"version-history":[{"count":1,"href":"https:\/\/decoplanta.com\/fr\/wp-json\/wp\/v2\/product\/8268\/revisions"}],"predecessor-version":[{"id":8271,"href":"https:\/\/decoplanta.com\/fr\/wp-json\/wp\/v2\/product\/8268\/revisions\/8271"}],"wp:featuredmedia":[{"embeddable":true,"href":"https:\/\/decoplanta.com\/fr\/wp-json\/wp\/v2\/media\/8273"}],"wp:attachment":[{"href":"https:\/\/decoplanta.com\/fr\/wp-json\/wp\/v2\/media?parent=8268"}],"wp:term":[{"taxonomy":"product_brand","embeddable":true,"href":"https:\/\/decoplanta.com\/fr\/wp-json\/wp\/v2\/product_brand?post=8268"},{"taxonomy":"product_cat","embeddable":true,"href":"https:\/\/decoplanta.com\/fr\/wp-json\/wp\/v2\/product_cat?post=8268"},{"taxonomy":"product_tag","embeddable":true,"href":"https:\/\/decoplanta.com\/fr\/wp-json\/wp\/v2\/product_tag?post=8268"}],"curies":[{"name":"wp","href":"https:\/\/api.w.org\/{rel}","templated":true}]}}