{"id":5253,"date":"2021-03-19T09:56:46","date_gmt":"2022-10-18T09:37:44","guid":{"rendered":"https:\/\/decoplanta.com\/sem%20categoria\/jardim-vertical-schefflera-uv\/"},"modified":"2022-10-18T11:34:29","modified_gmt":"2022-10-18T10:34:29","slug":"jardim-vertical-schefflera","status":"publish","type":"product","link":"https:\/\/decoplanta.com\/pt-pt\/jardim-vertical\/jardim-vertical-schefflera\/","title":{"rendered":"Jardim Vertical SCHEFFLERA UV"},"content":{"rendered":"<p>Jardim Vertical <a href=\"https:\/\/es.wikipedia.org\/wiki\/Schefflera_arboricola\" target=\"_blank\" rel=\"noopener\">SCHEFFLERA<\/a> Artificial. Este Jardim Vertical SCHEFFLERA UV artificial tem uma est\u00e9tica e um acabamento espectaculares. \u00c9 adequado tanto para interiores como para exteriores, devido ao seu tratamento especial para resistir aos elementos. \u00c9 muito f\u00e1cil de instalar, uma vez que os pain\u00e9is medem 50 x 50 cm. Possui tratamento de <a href=\"https:\/\/decoplanta.com\/etiqueta-producto\/plantas-artificiales-con-proteccion-uv\/\" target=\"_blank\" rel=\"noopener\">protec\u00e7\u00e3o UV<\/a> que o protege dos raios solares e \u00e9 tamb\u00e9m resistente \u00e0 \u00e1gua. Gra\u00e7as ao seu excelente acabamento manual, esta planta artificial tem uma apar\u00eancia muito realista. \u00c9 sem d\u00favida um elemento essencial da decora\u00e7\u00e3o interior da sua casa. Com a planta artificial Cheflera, pode dar um toque natural \u00e0 sua casa.<\/p>\n<h3>Onde \u00e9 que o vai colocar?<\/h3>\n<p>O jardim vertical artificial <a href=\"https:\/\/es.wikipedia.org\/wiki\/Schefflera_arboricola\" target=\"_blank\" rel=\"noopener\">SCHEFFLERA<\/a> \u00e9 uma planta muito grata, forte e vigorosa, que, com o m\u00ednimo cuidado, pode atingir uma altura de dois metros. O seu nome cient\u00edfico \u00e9 &#8220;Schefflera actinophylla&#8221;. \u00c9 por isso que, ao escolher um, devemos ter em conta o local da casa onde o vamos colocar, pois necessita de muita luz e espa\u00e7o para se desenvolver.<\/p>\n<h3>Saiba mais sobre o Jardim Vertical SCHEFFLERA<\/h3>\n<p>\u00c9 um arbusto sempre verde que cresce a uma altura de 3 a 6 metros por si s\u00f3, como <a class=\"mw-redirect\" title=\"Escalada\" href=\"https:\/\/es.wikipedia.org\/wiki\/Trepadora\">trepadeira<\/a> ou como <a class=\"mw-redirect\" title=\"Ep\u00edfito\" href=\"https:\/\/es.wikipedia.org\/wiki\/Ep%C3%ADfita\">ep\u00edfita<\/a> noutras \u00e1rvores.<\/p>\n<p>Esta planta artificial, tamb\u00e9m chamada &#8220;\u00e1rvore guarda-chuva an\u00e3&#8221;, baseia-se na planta que lhe d\u00e1 o seu nome, que teve origem em Taiwan. Caracteriza-se pelo seu grande n\u00famero de folhas e pela sua tonalidade esverdeada caracter\u00edstica. Esta planta n\u00e3o \u00e9 espantosa?<\/p>\n<p>Por favor manter tais plantas artificiais longe de fontes de calor directas.<\/p>\n<p>Aconselhamos tamb\u00e9m a limpar a planta com um pano humedecido com \u00e1gua sem utilizar detergentes que possam danificar o acabamento do produto.<\/p>\n","protected":false},"excerpt":{"rendered":"<p>Modelo de Jardim Vertical SCHEFFLERA UV artificial, est\u00e9tica e acabamento espectacular, v\u00e1lido para uso interior e exterior. F\u00e1cil de encaixar. Protec\u00e7\u00e3o UV e resistente \u00e0 \u00e1gua.<\/p>\n<table>\n<tbody>\n<tr>\n<td><strong>REF<\/strong><\/td>\n<td><strong>MEDIDA DA PLACA<\/strong><\/td>\n<\/tr>\n<tr>\n<td><strong>1817007<\/strong><\/td>\n<td>50 x 50 cm<\/td>\n<\/tr>\n<\/tbody>\n<\/table>\n","protected":false},"featured_media":4470,"template":"","meta":{"_monsterinsights_skip_tracking":false,"_monsterinsights_sitenote_active":false,"_monsterinsights_sitenote_note":"","_monsterinsights_sitenote_category":0},"product_brand":[],"product_cat":[391],"product_tag":[407,412,413],"class_list":{"0":"post-5253","1":"product","2":"type-product","3":"status-publish","4":"has-post-thumbnail","6":"product_cat-jardim-vertical","7":"product_tag-planta-artificial-com-protecao-uv","8":"product_tag-feto-artificial-ao-ar-livre","9":"product_tag-feto-para-interior","10":"","11":"woocommerce-text-align-center","12":"woocommerce-image-align-center","13":"do-quantity-buttons","15":"first","16":"instock","17":"taxable","18":"shipping-taxable","19":"purchasable","20":"product-type-simple"},"yoast_head":"<!-- This site is optimized with the Yoast SEO plugin v27.4 - https:\/\/yoast.com\/product\/yoast-seo-wordpress\/ -->\n<title>Jardim Vertical SCHEFFLERA UV Alto realismo com prote\u00e7\u00e3o UV<\/title>\n<meta name=\"description\" content=\"Jardim Vertical SCHEFFLERA UV artificial com prote\u00e7\u00e3o UV e \u00e0 prova de \u00e1gua. Alto Realismo para decorar dentro ou fora de casa.\" \/>\n<meta name=\"robots\" content=\"index, follow, max-snippet:-1, max-image-preview:large, max-video-preview:-1\" \/>\n<link rel=\"canonical\" href=\"https:\/\/decoplanta.com\/pt-pt\/jardim-vertical\/jardim-vertical-schefflera\/\" \/>\n<meta property=\"og:locale\" content=\"pt_PT\" \/>\n<meta property=\"og:type\" content=\"article\" \/>\n<meta property=\"og:title\" content=\"Jardim Vertical SCHEFFLERA UV Alto realismo com prote\u00e7\u00e3o UV\" \/>\n<meta property=\"og:description\" content=\"Jardim Vertical SCHEFFLERA UV artificial com prote\u00e7\u00e3o UV e \u00e0 prova de \u00e1gua. Alto Realismo para decorar dentro ou fora de casa.\" \/>\n<meta property=\"og:url\" content=\"https:\/\/decoplanta.com\/pt-pt\/jardim-vertical\/jardim-vertical-schefflera\/\" \/>\n<meta property=\"og:site_name\" content=\"Plantas y \u00e1rboles artificiales de Alto Realismo\" \/>\n<meta property=\"article:modified_time\" content=\"2022-10-18T10:34:29+00:00\" \/>\n<meta property=\"og:image\" content=\"https:\/\/decoplanta.com\/wp-content\/uploads\/2021\/03\/1817007-jardin-vertical-CHEFLERA-UV.jpg\" \/>\n\t<meta property=\"og:image:width\" content=\"1800\" \/>\n\t<meta property=\"og:image:height\" content=\"1799\" \/>\n\t<meta property=\"og:image:type\" content=\"image\/jpeg\" \/>\n<meta name=\"twitter:card\" content=\"summary_large_image\" \/>\n<meta name=\"twitter:label1\" content=\"Tempo estimado de leitura\" \/>\n\t<meta name=\"twitter:data1\" content=\"2 minutos\" \/>\n<script type=\"application\/ld+json\" class=\"yoast-schema-graph\">{\"@context\":\"https:\\\/\\\/schema.org\",\"@graph\":[{\"@type\":\"WebPage\",\"@id\":\"https:\\\/\\\/decoplanta.com\\\/pt-pt\\\/jardim-vertical\\\/jardim-vertical-schefflera\\\/\",\"url\":\"https:\\\/\\\/decoplanta.com\\\/pt-pt\\\/jardim-vertical\\\/jardim-vertical-schefflera\\\/\",\"name\":\"Jardim Vertical SCHEFFLERA UV Alto realismo com prote\u00e7\u00e3o UV\",\"isPartOf\":{\"@id\":\"https:\\\/\\\/decoplanta.com\\\/pt-pt\\\/#website\"},\"primaryImageOfPage\":{\"@id\":\"https:\\\/\\\/decoplanta.com\\\/pt-pt\\\/jardim-vertical\\\/jardim-vertical-schefflera\\\/#primaryimage\"},\"image\":{\"@id\":\"https:\\\/\\\/decoplanta.com\\\/pt-pt\\\/jardim-vertical\\\/jardim-vertical-schefflera\\\/#primaryimage\"},\"thumbnailUrl\":\"https:\\\/\\\/decoplanta.com\\\/wp-content\\\/uploads\\\/2021\\\/03\\\/1817007-jardin-vertical-CHEFLERA-UV.jpg\",\"datePublished\":\"2022-10-18T09:37:44+00:00\",\"dateModified\":\"2022-10-18T10:34:29+00:00\",\"description\":\"Jardim Vertical SCHEFFLERA UV artificial com prote\u00e7\u00e3o UV e \u00e0 prova de \u00e1gua. Alto Realismo para decorar dentro ou fora de casa.\",\"breadcrumb\":{\"@id\":\"https:\\\/\\\/decoplanta.com\\\/pt-pt\\\/jardim-vertical\\\/jardim-vertical-schefflera\\\/#breadcrumb\"},\"inLanguage\":\"pt-PT\",\"potentialAction\":[{\"@type\":\"ReadAction\",\"target\":[\"https:\\\/\\\/decoplanta.com\\\/pt-pt\\\/jardim-vertical\\\/jardim-vertical-schefflera\\\/\"]}]},{\"@type\":\"ImageObject\",\"inLanguage\":\"pt-PT\",\"@id\":\"https:\\\/\\\/decoplanta.com\\\/pt-pt\\\/jardim-vertical\\\/jardim-vertical-schefflera\\\/#primaryimage\",\"url\":\"https:\\\/\\\/decoplanta.com\\\/wp-content\\\/uploads\\\/2021\\\/03\\\/1817007-jardin-vertical-CHEFLERA-UV.jpg\",\"contentUrl\":\"https:\\\/\\\/decoplanta.com\\\/wp-content\\\/uploads\\\/2021\\\/03\\\/1817007-jardin-vertical-CHEFLERA-UV.jpg\",\"width\":1800,\"height\":1799,\"caption\":\"Jardim Vertical SCHEFFLERA Artificial. Este Jardim Vertical SCHEFFLERA UV artificial tem uma est\u00e9tica e um acabamento espectaculares\"},{\"@type\":\"BreadcrumbList\",\"@id\":\"https:\\\/\\\/decoplanta.com\\\/pt-pt\\\/jardim-vertical\\\/jardim-vertical-schefflera\\\/#breadcrumb\",\"itemListElement\":[{\"@type\":\"ListItem\",\"position\":1,\"name\":\"Portada\",\"item\":\"https:\\\/\\\/decoplanta.com\\\/pt-pt\\\/\"},{\"@type\":\"ListItem\",\"position\":2,\"name\":\"Priv\u00e9\u00a0: Tienda\",\"item\":\"https:\\\/\\\/decoplanta.com\\\/?page_id=377\"},{\"@type\":\"ListItem\",\"position\":3,\"name\":\"Jardim Vertical SCHEFFLERA UV\"}]},{\"@type\":\"WebSite\",\"@id\":\"https:\\\/\\\/decoplanta.com\\\/pt-pt\\\/#website\",\"url\":\"https:\\\/\\\/decoplanta.com\\\/pt-pt\\\/\",\"name\":\"Plantas y \u00e1rboles artificiales de Alto Realismo\",\"description\":\"Proveedor de Plantas artificiales para estudios de Arquitectura, Interiorismo, Paisajismo, Escenograf\u00eda, Tiendas de Decoraci\u00f3n Florister\u00edas y Mobiliario\",\"publisher\":{\"@id\":\"https:\\\/\\\/decoplanta.com\\\/pt-pt\\\/#organization\"},\"potentialAction\":[{\"@type\":\"SearchAction\",\"target\":{\"@type\":\"EntryPoint\",\"urlTemplate\":\"https:\\\/\\\/decoplanta.com\\\/pt-pt\\\/?s={search_term_string}\"},\"query-input\":{\"@type\":\"PropertyValueSpecification\",\"valueRequired\":true,\"valueName\":\"search_term_string\"}}],\"inLanguage\":\"pt-PT\"},{\"@type\":\"Organization\",\"@id\":\"https:\\\/\\\/decoplanta.com\\\/pt-pt\\\/#organization\",\"name\":\"Plantas y \u00e1rboles artificiales de Alto Realismo\",\"url\":\"https:\\\/\\\/decoplanta.com\\\/pt-pt\\\/\",\"logo\":{\"@type\":\"ImageObject\",\"inLanguage\":\"pt-PT\",\"@id\":\"https:\\\/\\\/decoplanta.com\\\/pt-pt\\\/#\\\/schema\\\/logo\\\/image\\\/\",\"url\":\"https:\\\/\\\/decoplanta.com\\\/wp-content\\\/uploads\\\/2021\\\/02\\\/decoplanta-logo2020.svg\",\"contentUrl\":\"https:\\\/\\\/decoplanta.com\\\/wp-content\\\/uploads\\\/2021\\\/02\\\/decoplanta-logo2020.svg\",\"width\":500,\"height\":500,\"caption\":\"Plantas y \u00e1rboles artificiales de Alto Realismo\"},\"image\":{\"@id\":\"https:\\\/\\\/decoplanta.com\\\/pt-pt\\\/#\\\/schema\\\/logo\\\/image\\\/\"}}]}<\/script>\n<!-- \/ Yoast SEO plugin. -->","yoast_head_json":{"title":"Jardim Vertical SCHEFFLERA UV Alto realismo com prote\u00e7\u00e3o UV","description":"Jardim Vertical SCHEFFLERA UV artificial com prote\u00e7\u00e3o UV e \u00e0 prova de \u00e1gua. Alto Realismo para decorar dentro ou fora de casa.","robots":{"index":"index","follow":"follow","max-snippet":"max-snippet:-1","max-image-preview":"max-image-preview:large","max-video-preview":"max-video-preview:-1"},"canonical":"https:\/\/decoplanta.com\/pt-pt\/jardim-vertical\/jardim-vertical-schefflera\/","og_locale":"pt_PT","og_type":"article","og_title":"Jardim Vertical SCHEFFLERA UV Alto realismo com prote\u00e7\u00e3o UV","og_description":"Jardim Vertical SCHEFFLERA UV artificial com prote\u00e7\u00e3o UV e \u00e0 prova de \u00e1gua. Alto Realismo para decorar dentro ou fora de casa.","og_url":"https:\/\/decoplanta.com\/pt-pt\/jardim-vertical\/jardim-vertical-schefflera\/","og_site_name":"Plantas y \u00e1rboles artificiales de Alto Realismo","article_modified_time":"2022-10-18T10:34:29+00:00","og_image":[{"width":1800,"height":1799,"url":"https:\/\/decoplanta.com\/wp-content\/uploads\/2021\/03\/1817007-jardin-vertical-CHEFLERA-UV.jpg","type":"image\/jpeg"}],"twitter_card":"summary_large_image","twitter_misc":{"Tempo estimado de leitura":"2 minutos"},"schema":{"@context":"https:\/\/schema.org","@graph":[{"@type":"WebPage","@id":"https:\/\/decoplanta.com\/pt-pt\/jardim-vertical\/jardim-vertical-schefflera\/","url":"https:\/\/decoplanta.com\/pt-pt\/jardim-vertical\/jardim-vertical-schefflera\/","name":"Jardim Vertical SCHEFFLERA UV Alto realismo com prote\u00e7\u00e3o UV","isPartOf":{"@id":"https:\/\/decoplanta.com\/pt-pt\/#website"},"primaryImageOfPage":{"@id":"https:\/\/decoplanta.com\/pt-pt\/jardim-vertical\/jardim-vertical-schefflera\/#primaryimage"},"image":{"@id":"https:\/\/decoplanta.com\/pt-pt\/jardim-vertical\/jardim-vertical-schefflera\/#primaryimage"},"thumbnailUrl":"https:\/\/decoplanta.com\/wp-content\/uploads\/2021\/03\/1817007-jardin-vertical-CHEFLERA-UV.jpg","datePublished":"2022-10-18T09:37:44+00:00","dateModified":"2022-10-18T10:34:29+00:00","description":"Jardim Vertical SCHEFFLERA UV artificial com prote\u00e7\u00e3o UV e \u00e0 prova de \u00e1gua. Alto Realismo para decorar dentro ou fora de casa.","breadcrumb":{"@id":"https:\/\/decoplanta.com\/pt-pt\/jardim-vertical\/jardim-vertical-schefflera\/#breadcrumb"},"inLanguage":"pt-PT","potentialAction":[{"@type":"ReadAction","target":["https:\/\/decoplanta.com\/pt-pt\/jardim-vertical\/jardim-vertical-schefflera\/"]}]},{"@type":"ImageObject","inLanguage":"pt-PT","@id":"https:\/\/decoplanta.com\/pt-pt\/jardim-vertical\/jardim-vertical-schefflera\/#primaryimage","url":"https:\/\/decoplanta.com\/wp-content\/uploads\/2021\/03\/1817007-jardin-vertical-CHEFLERA-UV.jpg","contentUrl":"https:\/\/decoplanta.com\/wp-content\/uploads\/2021\/03\/1817007-jardin-vertical-CHEFLERA-UV.jpg","width":1800,"height":1799,"caption":"Jardim Vertical SCHEFFLERA Artificial. Este Jardim Vertical SCHEFFLERA UV artificial tem uma est\u00e9tica e um acabamento espectaculares"},{"@type":"BreadcrumbList","@id":"https:\/\/decoplanta.com\/pt-pt\/jardim-vertical\/jardim-vertical-schefflera\/#breadcrumb","itemListElement":[{"@type":"ListItem","position":1,"name":"Portada","item":"https:\/\/decoplanta.com\/pt-pt\/"},{"@type":"ListItem","position":2,"name":"Priv\u00e9\u00a0: Tienda","item":"https:\/\/decoplanta.com\/?page_id=377"},{"@type":"ListItem","position":3,"name":"Jardim Vertical SCHEFFLERA UV"}]},{"@type":"WebSite","@id":"https:\/\/decoplanta.com\/pt-pt\/#website","url":"https:\/\/decoplanta.com\/pt-pt\/","name":"Plantas y \u00e1rboles artificiales de Alto Realismo","description":"Proveedor de Plantas artificiales para estudios de Arquitectura, Interiorismo, Paisajismo, Escenograf\u00eda, Tiendas de Decoraci\u00f3n Florister\u00edas y Mobiliario","publisher":{"@id":"https:\/\/decoplanta.com\/pt-pt\/#organization"},"potentialAction":[{"@type":"SearchAction","target":{"@type":"EntryPoint","urlTemplate":"https:\/\/decoplanta.com\/pt-pt\/?s={search_term_string}"},"query-input":{"@type":"PropertyValueSpecification","valueRequired":true,"valueName":"search_term_string"}}],"inLanguage":"pt-PT"},{"@type":"Organization","@id":"https:\/\/decoplanta.com\/pt-pt\/#organization","name":"Plantas y \u00e1rboles artificiales de Alto Realismo","url":"https:\/\/decoplanta.com\/pt-pt\/","logo":{"@type":"ImageObject","inLanguage":"pt-PT","@id":"https:\/\/decoplanta.com\/pt-pt\/#\/schema\/logo\/image\/","url":"https:\/\/decoplanta.com\/wp-content\/uploads\/2021\/02\/decoplanta-logo2020.svg","contentUrl":"https:\/\/decoplanta.com\/wp-content\/uploads\/2021\/02\/decoplanta-logo2020.svg","width":500,"height":500,"caption":"Plantas y \u00e1rboles artificiales de Alto Realismo"},"image":{"@id":"https:\/\/decoplanta.com\/pt-pt\/#\/schema\/logo\/image\/"}}]}},"_links":{"self":[{"href":"https:\/\/decoplanta.com\/pt-pt\/wp-json\/wp\/v2\/product\/5253","targetHints":{"allow":["GET"]}}],"collection":[{"href":"https:\/\/decoplanta.com\/pt-pt\/wp-json\/wp\/v2\/product"}],"about":[{"href":"https:\/\/decoplanta.com\/pt-pt\/wp-json\/wp\/v2\/types\/product"}],"version-history":[{"count":0,"href":"https:\/\/decoplanta.com\/pt-pt\/wp-json\/wp\/v2\/product\/5253\/revisions"}],"wp:featuredmedia":[{"embeddable":true,"href":"https:\/\/decoplanta.com\/pt-pt\/wp-json\/wp\/v2\/media\/4470"}],"wp:attachment":[{"href":"https:\/\/decoplanta.com\/pt-pt\/wp-json\/wp\/v2\/media?parent=5253"}],"wp:term":[{"taxonomy":"product_brand","embeddable":true,"href":"https:\/\/decoplanta.com\/pt-pt\/wp-json\/wp\/v2\/product_brand?post=5253"},{"taxonomy":"product_cat","embeddable":true,"href":"https:\/\/decoplanta.com\/pt-pt\/wp-json\/wp\/v2\/product_cat?post=5253"},{"taxonomy":"product_tag","embeddable":true,"href":"https:\/\/decoplanta.com\/pt-pt\/wp-json\/wp\/v2\/product_tag?post=5253"}],"curies":[{"name":"wp","href":"https:\/\/api.w.org\/{rel}","templated":true}]}}