{"id":6896,"date":"2023-11-30T08:00:30","date_gmt":"2023-11-10T12:42:30","guid":{"rendered":"https:\/\/decoplanta.com\/?post_type=product&#038;p=6896"},"modified":"2023-12-30T12:27:40","modified_gmt":"2023-12-30T11:27:40","slug":"ramo-de-oliveira-oriental-ignifugo-65cm","status":"publish","type":"product","link":"https:\/\/decoplanta.com\/pt-pt\/plantas-retardadoras-de-fogo\/ramo-de-oliveira-oriental-ignifugo-65cm\/","title":{"rendered":"Ramo de OLIVEIRA ORIENTAL"},"content":{"rendered":"<p><span data-sheets-value=\"{&quot;1&quot;:2,&quot;2&quot;:&quot;Ramo de FICUS BENJAMINA&quot;}\" data-sheets-userformat=\"{&quot;2&quot;:7081,&quot;3&quot;:{&quot;1&quot;:0},&quot;6&quot;:{&quot;1&quot;:[{&quot;1&quot;:2,&quot;2&quot;:0,&quot;5&quot;:{&quot;1&quot;:2,&quot;2&quot;:0}},{&quot;1&quot;:0,&quot;2&quot;:0,&quot;3&quot;:3},{&quot;1&quot;:1,&quot;2&quot;:0,&quot;4&quot;:1}]},&quot;8&quot;:{&quot;1&quot;:[{&quot;1&quot;:2,&quot;2&quot;:0,&quot;5&quot;:{&quot;1&quot;:2,&quot;2&quot;:0}},{&quot;1&quot;:0,&quot;2&quot;:0,&quot;3&quot;:3},{&quot;1&quot;:1,&quot;2&quot;:0,&quot;4&quot;:1}]},&quot;10&quot;:2,&quot;11&quot;:4,&quot;12&quot;:0,&quot;14&quot;:{&quot;1&quot;:2,&quot;2&quot;:2236962},&quot;15&quot;:&quot;Arial&quot;}\">Ramo ign\u00edfugo de OLIVEIRA ORIENTAL com tratamento ign\u00edfugo<\/span>\u00a0artificial de est\u00e9tica espetacular, copa expressiva em m\u00e1xima flora\u00e7\u00e3o, elegante com m\u00e1ximo realismo com tronco de alta defini\u00e7\u00e3o, inclui base para f\u00e1cil fixa\u00e7\u00e3o. Altura: 3,20 m. Seu nome cient\u00edfico \u00e9 <a href=\"https:\/\/es.wikipedia.org\/wiki\/Cerasus\">Cerasus<\/a>, as cerejeiras, \u00e9 um subg\u00eanero formado por diversas esp\u00e9cies de \u00e1rvores que s\u00e3o amplamente cultivadas pelo seu fruto: a cereja. Junto com amendoeiras, pessegueiros (ou pessegueiros), ameixas e damascos, faz parte do g\u00eanero Prunus. Outra grande fruteira artificial dispon\u00edvel na Decoplanta \u00e9 a <a href=\"https:\/\/decoplanta.com\/pt-pt\/plantas-de-interior-artificiais\/arvore-oliveira-grande-artificial-280cm\/\">OLIVEIRA-GRANDE<\/a>, com azeitonas hiper-realistas. Saiba mais na se\u00e7\u00e3o <a href=\"https:\/\/decoplanta.com\/pt-pt\/plantas-de-interior-artificiais\/\">Plantas de interior.<\/a><\/p>\n<h2>A beleza espetacular do <span data-sheets-value=\"{&quot;1&quot;:2,&quot;2&quot;:&quot;Ramo de FICUS BENJAMINA&quot;}\" data-sheets-userformat=\"{&quot;2&quot;:7081,&quot;3&quot;:{&quot;1&quot;:0},&quot;6&quot;:{&quot;1&quot;:[{&quot;1&quot;:2,&quot;2&quot;:0,&quot;5&quot;:{&quot;1&quot;:2,&quot;2&quot;:0}},{&quot;1&quot;:0,&quot;2&quot;:0,&quot;3&quot;:3},{&quot;1&quot;:1,&quot;2&quot;:0,&quot;4&quot;:1}]},&quot;8&quot;:{&quot;1&quot;:[{&quot;1&quot;:2,&quot;2&quot;:0,&quot;5&quot;:{&quot;1&quot;:2,&quot;2&quot;:0}},{&quot;1&quot;:0,&quot;2&quot;:0,&quot;3&quot;:3},{&quot;1&quot;:1,&quot;2&quot;:0,&quot;4&quot;:1}]},&quot;10&quot;:2,&quot;11&quot;:4,&quot;12&quot;:0,&quot;14&quot;:{&quot;1&quot;:2,&quot;2&quot;:2236962},&quot;15&quot;:&quot;Arial&quot;}\">Ramo ign\u00edfugo de OLIVEIRA ORIENTAL<\/span>\u00a0artificial<\/h2>\n<p>Os Cardos s\u00e3o frequentemente plantadas por suas flores que aparecem na primavera. Algumas variedades ornamentais t\u00eam os estames substitu\u00eddos por p\u00e9talas extras, de modo que n\u00e3o d\u00e3o frutos, mas s\u00e3o cultivadas apenas por seu valor decorativo.<\/p>\n<p>Especialmente no Jap\u00e3o, (sakura) \u00e9 um s\u00edmbolo nacional celebrado no festival anual de Hanami. Los \u00e1rboles frutales de este subg\u00e9nero se distinguen por la floraci\u00f3n, que surge en peque\u00f1os corimbos de varias flores juntas (ni arracimadas ni solitarias) y por la suavidad de su fruto que se caracteriza por poseer una \u00fanica y poco profunda hendidura (o ninguna) en um lado. As cerejas amadurecem do final da primavera ao in\u00edcio do ver\u00e3o, com um per\u00edodo de colheita muito curto em compara\u00e7\u00e3o com outras \u00e1rvores frut\u00edferas.<\/p>\n<h3>Um <span data-sheets-value=\"{&quot;1&quot;:2,&quot;2&quot;:&quot;Ramo de FICUS BENJAMINA&quot;}\" data-sheets-userformat=\"{&quot;2&quot;:7081,&quot;3&quot;:{&quot;1&quot;:0},&quot;6&quot;:{&quot;1&quot;:[{&quot;1&quot;:2,&quot;2&quot;:0,&quot;5&quot;:{&quot;1&quot;:2,&quot;2&quot;:0}},{&quot;1&quot;:0,&quot;2&quot;:0,&quot;3&quot;:3},{&quot;1&quot;:1,&quot;2&quot;:0,&quot;4&quot;:1}]},&quot;8&quot;:{&quot;1&quot;:[{&quot;1&quot;:2,&quot;2&quot;:0,&quot;5&quot;:{&quot;1&quot;:2,&quot;2&quot;:0}},{&quot;1&quot;:0,&quot;2&quot;:0,&quot;3&quot;:3},{&quot;1&quot;:1,&quot;2&quot;:0,&quot;4&quot;:1}]},&quot;10&quot;:2,&quot;11&quot;:4,&quot;12&quot;:0,&quot;14&quot;:{&quot;1&quot;:2,&quot;2&quot;:2236962},&quot;15&quot;:&quot;Arial&quot;}\">Ramo ign\u00edfugo de OLIVEIRA ORIENTAL<\/span>\u00a0com o mais alto realismo<\/h3>\n<p>Al\u00e9m disso, este <span data-sheets-value=\"{&quot;1&quot;:2,&quot;2&quot;:&quot;Ramo de FICUS BENJAMINA&quot;}\" data-sheets-userformat=\"{&quot;2&quot;:7081,&quot;3&quot;:{&quot;1&quot;:0},&quot;6&quot;:{&quot;1&quot;:[{&quot;1&quot;:2,&quot;2&quot;:0,&quot;5&quot;:{&quot;1&quot;:2,&quot;2&quot;:0}},{&quot;1&quot;:0,&quot;2&quot;:0,&quot;3&quot;:3},{&quot;1&quot;:1,&quot;2&quot;:0,&quot;4&quot;:1}]},&quot;8&quot;:{&quot;1&quot;:[{&quot;1&quot;:2,&quot;2&quot;:0,&quot;5&quot;:{&quot;1&quot;:2,&quot;2&quot;:0}},{&quot;1&quot;:0,&quot;2&quot;:0,&quot;3&quot;:3},{&quot;1&quot;:1,&quot;2&quot;:0,&quot;4&quot;:1}]},&quot;10&quot;:2,&quot;11&quot;:4,&quot;12&quot;:0,&quot;14&quot;:{&quot;1&quot;:2,&quot;2&quot;:2236962},&quot;15&quot;:&quot;Arial&quot;}\">Ramo de OLIVEIRA ORIENTAL<\/span>\u00a0artificial tem uma est\u00e9tica espetacular. Em sua copa de flora\u00e7\u00e3o m\u00e1xima, possui as belas flores que lhe conferem sua cor caracter\u00edstica. As flores s\u00e3o de cor rosa claro e \u00e9 muito dif\u00edcil distingui-las das flores reais. \u00c9 uma \u00e1rvore muito elegante de m\u00e1ximo realismo com um tronco de alta defini\u00e7\u00e3o. Inclui uma base para f\u00e1cil fixa\u00e7\u00e3o em qualquer tipo de superf\u00edcie, mas deve ser muito bem fixada. Tem uma altura espetacular de 3,20 m, o que a torna, se poss\u00edvel, muito mais realista.<\/p>\n<p>&nbsp;<\/p>\n<p>&nbsp;<\/p>\n","protected":false},"excerpt":{"rendered":"<p><span data-sheets-value=\"{&quot;1&quot;:2,&quot;2&quot;:&quot;Arbusto SCINDAPSUS com 28 cm de altura para plantar em jardineiras. Inclui tratamento ign\u00edfugo e \u00e9 v\u00e1lido para interiores.&quot;}\" data-sheets-userformat=\"{&quot;2&quot;:7081,&quot;3&quot;:{&quot;1&quot;:0},&quot;6&quot;:{&quot;1&quot;:[{&quot;1&quot;:2,&quot;2&quot;:0,&quot;5&quot;:{&quot;1&quot;:2,&quot;2&quot;:0}},{&quot;1&quot;:0,&quot;2&quot;:0,&quot;3&quot;:3},{&quot;1&quot;:1,&quot;2&quot;:0,&quot;4&quot;:1}]},&quot;8&quot;:{&quot;1&quot;:[{&quot;1&quot;:2,&quot;2&quot;:0,&quot;5&quot;:{&quot;1&quot;:2,&quot;2&quot;:0}},{&quot;1&quot;:0,&quot;2&quot;:0,&quot;3&quot;:3},{&quot;1&quot;:1,&quot;2&quot;:0,&quot;4&quot;:1}]},&quot;10&quot;:2,&quot;11&quot;:4,&quot;12&quot;:0,&quot;14&quot;:{&quot;1&quot;:2,&quot;2&quot;:2236962},&quot;15&quot;:&quot;Arial&quot;}\">Ramo ign\u00edfugo de OLIVEIRA ORIENTAL com 65 cm de altura para plantar em jardineiras. <strong>Inclui tratamento ign\u00edfugo,\u00a0<\/strong> e \u00e9 v\u00e1lido para interiores.<\/span> Folhas \u00e0 prova de fogo muito definidas. N\u00e3o requer manuten\u00e7\u00e3o.<\/p>\n<p>Pre\u00e7o por unidade no nosso cat\u00e1logo.<\/p>\n<table>\n<tbody>\n<tr>\n<td><strong>REF<\/strong><\/td>\n<td><strong>ALTURA<\/strong><\/td>\n<\/tr>\n<tr>\n<td>432218<\/td>\n<td>65 cm<\/td>\n<\/tr>\n<\/tbody>\n<\/table>\n","protected":false},"featured_media":6899,"template":"","meta":{"_monsterinsights_skip_tracking":false,"_monsterinsights_sitenote_active":false,"_monsterinsights_sitenote_note":"","_monsterinsights_sitenote_category":0},"product_brand":[],"product_cat":[396,398],"product_tag":[401,406],"class_list":{"0":"post-6896","1":"product","2":"type-product","3":"status-publish","4":"has-post-thumbnail","6":"product_cat-plantas-retardadoras-de-fogo","7":"product_cat-flores-e-vegetacao","8":"product_tag-arvore-de-fruto-artificial","9":"product_tag-centro-de-mesa","10":"","11":"woocommerce-text-align-center","12":"woocommerce-image-align-center","13":"do-quantity-buttons","15":"first","16":"instock","17":"taxable","18":"shipping-taxable","19":"purchasable","20":"product-type-simple"},"yoast_head":"<!-- This site is optimized with the Yoast SEO plugin v27.4 - https:\/\/yoast.com\/product\/yoast-seo-wordpress\/ -->\n<title>Ramo ign\u00edfugo de OLIVEIRA ORIENTAL 65cm e m\u00e1ximo realismo<\/title>\n<meta name=\"description\" content=\"Ramo ign\u00edfugo de OLIVEIRA ORIENTAL com m\u00e1ximo realismo. Inclui tratamento ign\u00edfugo, v\u00e1lido para interiores. Plantar na jardineira. N\u00e3o requer manuten\u00e7\u00e3o.\" \/>\n<meta name=\"robots\" content=\"index, follow, max-snippet:-1, max-image-preview:large, max-video-preview:-1\" \/>\n<link rel=\"canonical\" href=\"https:\/\/decoplanta.com\/pt-pt\/plantas-retardadoras-de-fogo\/ramo-de-oliveira-oriental-ignifugo-65cm\/\" \/>\n<meta property=\"og:locale\" content=\"pt_PT\" \/>\n<meta property=\"og:type\" content=\"article\" \/>\n<meta property=\"og:title\" content=\"Ramo ign\u00edfugo de OLIVEIRA ORIENTAL 65cm e m\u00e1ximo realismo\" \/>\n<meta property=\"og:description\" content=\"Ramo ign\u00edfugo de OLIVEIRA ORIENTAL com m\u00e1ximo realismo. Inclui tratamento ign\u00edfugo, v\u00e1lido para interiores. Plantar na jardineira. N\u00e3o requer manuten\u00e7\u00e3o.\" \/>\n<meta property=\"og:url\" content=\"https:\/\/decoplanta.com\/pt-pt\/plantas-retardadoras-de-fogo\/ramo-de-oliveira-oriental-ignifugo-65cm\/\" \/>\n<meta property=\"og:site_name\" content=\"Plantas y \u00e1rboles artificiales de Alto Realismo\" \/>\n<meta property=\"article:modified_time\" content=\"2023-12-30T11:27:40+00:00\" \/>\n<meta property=\"og:image\" content=\"https:\/\/decoplanta.com\/wp-content\/uploads\/2023\/11\/432218-Rama_OLIVO__ORIENTAL-Fireproof-65cm.jpg\" \/>\n\t<meta property=\"og:image:width\" content=\"2400\" \/>\n\t<meta property=\"og:image:height\" content=\"2400\" \/>\n\t<meta property=\"og:image:type\" content=\"image\/jpeg\" \/>\n<meta name=\"twitter:card\" content=\"summary_large_image\" \/>\n<meta name=\"twitter:label1\" content=\"Tempo estimado de leitura\" \/>\n\t<meta name=\"twitter:data1\" content=\"2 minutos\" \/>\n<script type=\"application\/ld+json\" class=\"yoast-schema-graph\">{\"@context\":\"https:\\\/\\\/schema.org\",\"@graph\":[{\"@type\":\"WebPage\",\"@id\":\"https:\\\/\\\/decoplanta.com\\\/pt-pt\\\/plantas-retardadoras-de-fogo\\\/ramo-de-oliveira-oriental-ignifugo-65cm\\\/\",\"url\":\"https:\\\/\\\/decoplanta.com\\\/pt-pt\\\/plantas-retardadoras-de-fogo\\\/ramo-de-oliveira-oriental-ignifugo-65cm\\\/\",\"name\":\"Ramo ign\u00edfugo de OLIVEIRA ORIENTAL 65cm e m\u00e1ximo realismo\",\"isPartOf\":{\"@id\":\"https:\\\/\\\/decoplanta.com\\\/pt-pt\\\/#website\"},\"primaryImageOfPage\":{\"@id\":\"https:\\\/\\\/decoplanta.com\\\/pt-pt\\\/plantas-retardadoras-de-fogo\\\/ramo-de-oliveira-oriental-ignifugo-65cm\\\/#primaryimage\"},\"image\":{\"@id\":\"https:\\\/\\\/decoplanta.com\\\/pt-pt\\\/plantas-retardadoras-de-fogo\\\/ramo-de-oliveira-oriental-ignifugo-65cm\\\/#primaryimage\"},\"thumbnailUrl\":\"https:\\\/\\\/decoplanta.com\\\/wp-content\\\/uploads\\\/2023\\\/11\\\/432218-Rama_OLIVO__ORIENTAL-Fireproof-65cm.jpg\",\"datePublished\":\"2023-11-10T12:42:30+00:00\",\"dateModified\":\"2023-12-30T11:27:40+00:00\",\"description\":\"Ramo ign\u00edfugo de OLIVEIRA ORIENTAL com m\u00e1ximo realismo. Inclui tratamento ign\u00edfugo, v\u00e1lido para interiores. Plantar na jardineira. N\u00e3o requer manuten\u00e7\u00e3o.\",\"breadcrumb\":{\"@id\":\"https:\\\/\\\/decoplanta.com\\\/pt-pt\\\/plantas-retardadoras-de-fogo\\\/ramo-de-oliveira-oriental-ignifugo-65cm\\\/#breadcrumb\"},\"inLanguage\":\"pt-PT\",\"potentialAction\":[{\"@type\":\"ReadAction\",\"target\":[\"https:\\\/\\\/decoplanta.com\\\/pt-pt\\\/plantas-retardadoras-de-fogo\\\/ramo-de-oliveira-oriental-ignifugo-65cm\\\/\"]}]},{\"@type\":\"ImageObject\",\"inLanguage\":\"pt-PT\",\"@id\":\"https:\\\/\\\/decoplanta.com\\\/pt-pt\\\/plantas-retardadoras-de-fogo\\\/ramo-de-oliveira-oriental-ignifugo-65cm\\\/#primaryimage\",\"url\":\"https:\\\/\\\/decoplanta.com\\\/wp-content\\\/uploads\\\/2023\\\/11\\\/432218-Rama_OLIVO__ORIENTAL-Fireproof-65cm.jpg\",\"contentUrl\":\"https:\\\/\\\/decoplanta.com\\\/wp-content\\\/uploads\\\/2023\\\/11\\\/432218-Rama_OLIVO__ORIENTAL-Fireproof-65cm.jpg\",\"width\":2400,\"height\":2400,\"caption\":\"Rama ign\u00edfuga de OLIVO ORIENTAL de 65 cm de altura\"},{\"@type\":\"BreadcrumbList\",\"@id\":\"https:\\\/\\\/decoplanta.com\\\/pt-pt\\\/plantas-retardadoras-de-fogo\\\/ramo-de-oliveira-oriental-ignifugo-65cm\\\/#breadcrumb\",\"itemListElement\":[{\"@type\":\"ListItem\",\"position\":1,\"name\":\"Portada\",\"item\":\"https:\\\/\\\/decoplanta.com\\\/pt-pt\\\/\"},{\"@type\":\"ListItem\",\"position\":2,\"name\":\"Priv\u00e9\u00a0: Tienda\",\"item\":\"https:\\\/\\\/decoplanta.com\\\/?page_id=377\"},{\"@type\":\"ListItem\",\"position\":3,\"name\":\"Ramo de OLIVEIRA ORIENTAL\"}]},{\"@type\":\"WebSite\",\"@id\":\"https:\\\/\\\/decoplanta.com\\\/pt-pt\\\/#website\",\"url\":\"https:\\\/\\\/decoplanta.com\\\/pt-pt\\\/\",\"name\":\"Plantas y \u00e1rboles artificiales de Alto Realismo\",\"description\":\"Proveedor de Plantas artificiales para estudios de Arquitectura, Interiorismo, Paisajismo, Escenograf\u00eda, Tiendas de Decoraci\u00f3n Florister\u00edas y Mobiliario\",\"publisher\":{\"@id\":\"https:\\\/\\\/decoplanta.com\\\/pt-pt\\\/#organization\"},\"potentialAction\":[{\"@type\":\"SearchAction\",\"target\":{\"@type\":\"EntryPoint\",\"urlTemplate\":\"https:\\\/\\\/decoplanta.com\\\/pt-pt\\\/?s={search_term_string}\"},\"query-input\":{\"@type\":\"PropertyValueSpecification\",\"valueRequired\":true,\"valueName\":\"search_term_string\"}}],\"inLanguage\":\"pt-PT\"},{\"@type\":\"Organization\",\"@id\":\"https:\\\/\\\/decoplanta.com\\\/pt-pt\\\/#organization\",\"name\":\"Plantas y \u00e1rboles artificiales de Alto Realismo\",\"url\":\"https:\\\/\\\/decoplanta.com\\\/pt-pt\\\/\",\"logo\":{\"@type\":\"ImageObject\",\"inLanguage\":\"pt-PT\",\"@id\":\"https:\\\/\\\/decoplanta.com\\\/pt-pt\\\/#\\\/schema\\\/logo\\\/image\\\/\",\"url\":\"https:\\\/\\\/decoplanta.com\\\/wp-content\\\/uploads\\\/2021\\\/02\\\/decoplanta-logo2020.svg\",\"contentUrl\":\"https:\\\/\\\/decoplanta.com\\\/wp-content\\\/uploads\\\/2021\\\/02\\\/decoplanta-logo2020.svg\",\"width\":500,\"height\":500,\"caption\":\"Plantas y \u00e1rboles artificiales de Alto Realismo\"},\"image\":{\"@id\":\"https:\\\/\\\/decoplanta.com\\\/pt-pt\\\/#\\\/schema\\\/logo\\\/image\\\/\"}}]}<\/script>\n<!-- \/ Yoast SEO plugin. -->","yoast_head_json":{"title":"Ramo ign\u00edfugo de OLIVEIRA ORIENTAL 65cm e m\u00e1ximo realismo","description":"Ramo ign\u00edfugo de OLIVEIRA ORIENTAL com m\u00e1ximo realismo. Inclui tratamento ign\u00edfugo, v\u00e1lido para interiores. Plantar na jardineira. N\u00e3o requer manuten\u00e7\u00e3o.","robots":{"index":"index","follow":"follow","max-snippet":"max-snippet:-1","max-image-preview":"max-image-preview:large","max-video-preview":"max-video-preview:-1"},"canonical":"https:\/\/decoplanta.com\/pt-pt\/plantas-retardadoras-de-fogo\/ramo-de-oliveira-oriental-ignifugo-65cm\/","og_locale":"pt_PT","og_type":"article","og_title":"Ramo ign\u00edfugo de OLIVEIRA ORIENTAL 65cm e m\u00e1ximo realismo","og_description":"Ramo ign\u00edfugo de OLIVEIRA ORIENTAL com m\u00e1ximo realismo. Inclui tratamento ign\u00edfugo, v\u00e1lido para interiores. Plantar na jardineira. N\u00e3o requer manuten\u00e7\u00e3o.","og_url":"https:\/\/decoplanta.com\/pt-pt\/plantas-retardadoras-de-fogo\/ramo-de-oliveira-oriental-ignifugo-65cm\/","og_site_name":"Plantas y \u00e1rboles artificiales de Alto Realismo","article_modified_time":"2023-12-30T11:27:40+00:00","og_image":[{"width":2400,"height":2400,"url":"https:\/\/decoplanta.com\/wp-content\/uploads\/2023\/11\/432218-Rama_OLIVO__ORIENTAL-Fireproof-65cm.jpg","type":"image\/jpeg"}],"twitter_card":"summary_large_image","twitter_misc":{"Tempo estimado de leitura":"2 minutos"},"schema":{"@context":"https:\/\/schema.org","@graph":[{"@type":"WebPage","@id":"https:\/\/decoplanta.com\/pt-pt\/plantas-retardadoras-de-fogo\/ramo-de-oliveira-oriental-ignifugo-65cm\/","url":"https:\/\/decoplanta.com\/pt-pt\/plantas-retardadoras-de-fogo\/ramo-de-oliveira-oriental-ignifugo-65cm\/","name":"Ramo ign\u00edfugo de OLIVEIRA ORIENTAL 65cm e m\u00e1ximo realismo","isPartOf":{"@id":"https:\/\/decoplanta.com\/pt-pt\/#website"},"primaryImageOfPage":{"@id":"https:\/\/decoplanta.com\/pt-pt\/plantas-retardadoras-de-fogo\/ramo-de-oliveira-oriental-ignifugo-65cm\/#primaryimage"},"image":{"@id":"https:\/\/decoplanta.com\/pt-pt\/plantas-retardadoras-de-fogo\/ramo-de-oliveira-oriental-ignifugo-65cm\/#primaryimage"},"thumbnailUrl":"https:\/\/decoplanta.com\/wp-content\/uploads\/2023\/11\/432218-Rama_OLIVO__ORIENTAL-Fireproof-65cm.jpg","datePublished":"2023-11-10T12:42:30+00:00","dateModified":"2023-12-30T11:27:40+00:00","description":"Ramo ign\u00edfugo de OLIVEIRA ORIENTAL com m\u00e1ximo realismo. Inclui tratamento ign\u00edfugo, v\u00e1lido para interiores. Plantar na jardineira. N\u00e3o requer manuten\u00e7\u00e3o.","breadcrumb":{"@id":"https:\/\/decoplanta.com\/pt-pt\/plantas-retardadoras-de-fogo\/ramo-de-oliveira-oriental-ignifugo-65cm\/#breadcrumb"},"inLanguage":"pt-PT","potentialAction":[{"@type":"ReadAction","target":["https:\/\/decoplanta.com\/pt-pt\/plantas-retardadoras-de-fogo\/ramo-de-oliveira-oriental-ignifugo-65cm\/"]}]},{"@type":"ImageObject","inLanguage":"pt-PT","@id":"https:\/\/decoplanta.com\/pt-pt\/plantas-retardadoras-de-fogo\/ramo-de-oliveira-oriental-ignifugo-65cm\/#primaryimage","url":"https:\/\/decoplanta.com\/wp-content\/uploads\/2023\/11\/432218-Rama_OLIVO__ORIENTAL-Fireproof-65cm.jpg","contentUrl":"https:\/\/decoplanta.com\/wp-content\/uploads\/2023\/11\/432218-Rama_OLIVO__ORIENTAL-Fireproof-65cm.jpg","width":2400,"height":2400,"caption":"Rama ign\u00edfuga de OLIVO ORIENTAL de 65 cm de altura"},{"@type":"BreadcrumbList","@id":"https:\/\/decoplanta.com\/pt-pt\/plantas-retardadoras-de-fogo\/ramo-de-oliveira-oriental-ignifugo-65cm\/#breadcrumb","itemListElement":[{"@type":"ListItem","position":1,"name":"Portada","item":"https:\/\/decoplanta.com\/pt-pt\/"},{"@type":"ListItem","position":2,"name":"Priv\u00e9\u00a0: Tienda","item":"https:\/\/decoplanta.com\/?page_id=377"},{"@type":"ListItem","position":3,"name":"Ramo de OLIVEIRA ORIENTAL"}]},{"@type":"WebSite","@id":"https:\/\/decoplanta.com\/pt-pt\/#website","url":"https:\/\/decoplanta.com\/pt-pt\/","name":"Plantas y \u00e1rboles artificiales de Alto Realismo","description":"Proveedor de Plantas artificiales para estudios de Arquitectura, Interiorismo, Paisajismo, Escenograf\u00eda, Tiendas de Decoraci\u00f3n Florister\u00edas y Mobiliario","publisher":{"@id":"https:\/\/decoplanta.com\/pt-pt\/#organization"},"potentialAction":[{"@type":"SearchAction","target":{"@type":"EntryPoint","urlTemplate":"https:\/\/decoplanta.com\/pt-pt\/?s={search_term_string}"},"query-input":{"@type":"PropertyValueSpecification","valueRequired":true,"valueName":"search_term_string"}}],"inLanguage":"pt-PT"},{"@type":"Organization","@id":"https:\/\/decoplanta.com\/pt-pt\/#organization","name":"Plantas y \u00e1rboles artificiales de Alto Realismo","url":"https:\/\/decoplanta.com\/pt-pt\/","logo":{"@type":"ImageObject","inLanguage":"pt-PT","@id":"https:\/\/decoplanta.com\/pt-pt\/#\/schema\/logo\/image\/","url":"https:\/\/decoplanta.com\/wp-content\/uploads\/2021\/02\/decoplanta-logo2020.svg","contentUrl":"https:\/\/decoplanta.com\/wp-content\/uploads\/2021\/02\/decoplanta-logo2020.svg","width":500,"height":500,"caption":"Plantas y \u00e1rboles artificiales de Alto Realismo"},"image":{"@id":"https:\/\/decoplanta.com\/pt-pt\/#\/schema\/logo\/image\/"}}]}},"_links":{"self":[{"href":"https:\/\/decoplanta.com\/pt-pt\/wp-json\/wp\/v2\/product\/6896","targetHints":{"allow":["GET"]}}],"collection":[{"href":"https:\/\/decoplanta.com\/pt-pt\/wp-json\/wp\/v2\/product"}],"about":[{"href":"https:\/\/decoplanta.com\/pt-pt\/wp-json\/wp\/v2\/types\/product"}],"version-history":[{"count":0,"href":"https:\/\/decoplanta.com\/pt-pt\/wp-json\/wp\/v2\/product\/6896\/revisions"}],"wp:featuredmedia":[{"embeddable":true,"href":"https:\/\/decoplanta.com\/pt-pt\/wp-json\/wp\/v2\/media\/6899"}],"wp:attachment":[{"href":"https:\/\/decoplanta.com\/pt-pt\/wp-json\/wp\/v2\/media?parent=6896"}],"wp:term":[{"taxonomy":"product_brand","embeddable":true,"href":"https:\/\/decoplanta.com\/pt-pt\/wp-json\/wp\/v2\/product_brand?post=6896"},{"taxonomy":"product_cat","embeddable":true,"href":"https:\/\/decoplanta.com\/pt-pt\/wp-json\/wp\/v2\/product_cat?post=6896"},{"taxonomy":"product_tag","embeddable":true,"href":"https:\/\/decoplanta.com\/pt-pt\/wp-json\/wp\/v2\/product_tag?post=6896"}],"curies":[{"name":"wp","href":"https:\/\/api.w.org\/{rel}","templated":true}]}}